{"id":113820,"date":"2024-08-09T13:40:56","date_gmt":"2024-08-09T13:40:56","guid":{"rendered":"https:\/\/edenred.pt\/about-social-vouchers\/sustainability\/"},"modified":"2026-02-09T15:50:52","modified_gmt":"2026-02-09T15:50:52","slug":"sustainability","status":"publish","type":"page","link":"https:\/\/www.edenred.pt\/en\/about-us\/sustainability\/","title":{"rendered":"Sustainability"},"content":{"rendered":"\n<p class=\"lead\">A commitment from day one, every day.<\/p>\n\n\n\n<p>Since its origins in 1962, the Edenred Group&#8217;s mission has been to make the world of work a better place for everyone. <\/p>\n\n\n\n<p>This commitment, expressed unequivocally in the purpose <strong>Enrich connections. For Good<\/strong>, was naturally reflected in a voluntary approach to social, environmental and corporate responsibility: the <strong>Ideal<\/strong> policy. <\/p>\n\n\n\n<p>With ESG at the heart of its actions and strategy, Edenred is aligned with the SBTi (Science Based Targets initiative) standards and committed to <strong>carbon neutrality by 2050<\/strong>.<\/p>\n\n\n\n<p class=\"lead\">The Ideal policy<\/p>\n\n\n\n<p>Edenred has an ambitious strategy underway that <strong>contributes to 12 of the 17 United Nations Sustainable Development Goals<\/strong> (SDG) for 2030. <\/p>\n\n\n\n<p>Our Ideal policy is organized around three pillars:<\/p>\n\n\n\n<!-- EXPAND -->\n<div class=\"s-expand people js-expand-height\">\n<div class=\"s-expand-container\">\n<a href=\"#\" class=\"s-expand-header js-expand-btn\">\n<img decoding=\"async\" src=\"https:\/\/www.edenred.pt\/wp-content\/uploads\/2024\/03\/idealpeople.png\" alt=\"ideal people\"\/>\n<h2 class=\"s-expand-header-text\">Improving people&#8217;s <strong>quality of life<\/strong><\/h2>\n<\/a>\n<div class=\"s-expand-content\">\n<div class=\"s-expand-body\">\n<ul class=\"s-expand-ul\">\n<li>\n<strong>Being an employer of choice<\/strong><br\/><span>Developing talent, promoting diversity and inclusion and improving working conditions<\/span>\n<\/li>\n<li> Promoting <strong>local development<\/strong><br\/>Fighting<span>hunger and poverty, solidarity and support for local communities<\/span>\n<\/li>\n<li> Promoting <strong>health and well-being<\/strong>\n<\/li>\n<li> Promote <strong>professional training and integration<\/strong>\n<\/li>\n<\/ul>\n<div class=\"s-expand-img-list\">\n<img decoding=\"async\" src=\"https:\/\/edenred.pt\/wp-content\/uploads\/2024\/08\/SDG01.png\" alt=\"\"\/>\n<img decoding=\"async\" src=\"https:\/\/edenred.pt\/wp-content\/uploads\/2024\/08\/SDG02.png\" alt=\"\"\/>\n<img decoding=\"async\" src=\"https:\/\/edenred.pt\/wp-content\/uploads\/2024\/08\/SDG03.png\" alt=\"\"\/>\n<img decoding=\"async\" src=\"https:\/\/edenred.pt\/wp-content\/uploads\/2024\/08\/SDG04.png\" alt=\"\"\/>\n<img decoding=\"async\" src=\"https:\/\/edenred.pt\/wp-content\/uploads\/2024\/08\/SDG05.png\" alt=\"\"\/>\n<img decoding=\"async\" src=\"https:\/\/edenred.pt\/wp-content\/uploads\/2024\/08\/SDG08.png\" alt=\"\"\/>\n<img decoding=\"async\" src=\"https:\/\/edenred.pt\/wp-content\/uploads\/2024\/08\/SDG10.png\" alt=\"\"\/>\n<img decoding=\"async\" src=\"https:\/\/edenred.pt\/wp-content\/uploads\/2024\/11\/SDG17.png\" alt=\"\"\/>\n<\/div>\n\n<h3 class=\"s-subtit\">Some goals for 2030<\/h3>\n\n<div class=\"s-num-cont\">\n<!-- col -->\n<div class=\"s-num-col\">\n<div class=\"s-num-tit\"><div>40%<\/div><\/div>\n<div class=\"s-num-text\">\n<p>Women in executive positions<\/p>\n<\/div>\n<\/div>\n<!-- col -->\n<div class=\"s-num-col\">\n<div class=\"s-num-tit\"><div>85%<\/div><\/div>\n<div class=\"s-num-text\">\n<p>Employees with one training course per year<\/p>\n<\/div>\n<\/div>\n<!-- col -->\n<div class=\"s-num-col\">\n<div class=\"s-num-tit\"><div>100%<\/div><\/div>\n<div class=\"s-num-text\">\n<p>Employees with one CSR training in <strong>2025<\/strong><\/p>\n<\/div>\n<\/div>\n<\/div>\n\n<h3 class=\"s-subtit\">Featured initiatives<\/h3>\n\n<div class=\"s-num-cont\">\n<!-- col -->\n<div class=\"s-num-col\">\n<div class=\"s-num-tit\"><div>IDEALWEEK<\/div><\/div>\n<div class=\"s-num-text\">\n<p>In addition to the regular activities of the <strong>resident Volunteer Group<\/strong>, every year <strong>Edenred dedicates a week to social responsibility<\/strong>. <\/p>\n<p>During Idealweek, employees are invited to deepen their knowledge of sustainability, ESG and CSR and get involved in concrete actions. <\/p>\n<p>The initiative culminates in <strong>Idealday<\/strong>, a day when Edenred employees all over the world take part in <strong>voluntary actions<\/strong>.<\/p>\n<\/div>\n<\/div>\n<!-- col -->\n<div class=\"s-num-col\">\n<div class=\"s-num-tit\"><div>EDENRAID<\/div><\/div>\n<div class=\"s-num-text\">\n<p>Every year Edenred organizes Edenraid, a two-month sports and charity challenge:<\/p>\n<ul>\n<li><strong>Fundraising<\/strong> for a non-profit organization;<\/li>\n<li><strong>Encouraging sports<\/strong> and healthy lifestyle habits. <\/li>\n<\/ul>\n<p>The action involves employees walking, running and cycling kilometers for Edenred to make a donation to a global NGO. <\/p>\n<p>In the last edition, Edenred employees traveled 1.2 million km, which translated into a donation of more than 45,000 euros to M\u00e9decins Sans Fronti\u00e8res.<\/p>\n<\/div>\n<\/div>\n<\/div>\n\n\n<h3 class=\"s-subtit media-slide-title\">See photos of the initiatives<\/h3>\n\n<!-- slide -->\n<div class=\"media-slide-container\">\n<div class=\"media-slide js-media-slide unloaded\">\n<!-- frame -->\n<div>\n<div class=\"media-slide-img\">\n<img decoding=\"async\" src=\"https:\/\/edenred.pt\/wp-content\/uploads\/2023\/09\/Acoes-de-pintura-e-recuperacao-de-um-pavilhao-de-apoio-as-atividades-da-Comunidade-Vida-e-Paz-760x570.jpg\" alt=\"\"\/>\n<\/div>\n<div class=\"media-slide-txt\">\n<p>Painting and restoration of a pavilion to support the activities of Comunidade Vida e Paz<\/p>\n<\/div>\n<\/div>\n<!-- end frame -->\n<!-- frame -->\n<div>\n<div class=\"media-slide-img\">\n<img decoding=\"async\" src=\"https:\/\/edenred.pt\/wp-content\/uploads\/2023\/09\/Edenred-distribui-100-cartoes-de-refeicao-para-apoio-alimentar-a-refugiados-ucranianos-em-Lisboa-760x513.jpg\" alt=\"\"\/>\n<\/div>\n<div class=\"media-slide-txt\">\n<p>Edenred distributes 100 meal cards to support Ukrainian refugees in Lisbon<\/p>\n<\/div>\n<\/div>\n<!-- end frame -->\n<!-- frame -->\n<div>\n<div class=\"media-slide-img\">\n<img decoding=\"async\" src=\"https:\/\/edenred.pt\/wp-content\/uploads\/2023\/09\/Idealday-Manufatura-de-bonecas-com-materiais-reciclados-na-Fundacao-LIGA-760x556.jpeg\" alt=\"\"\/>\n<\/div>\n<div class=\"media-slide-txt\">\n<p>Idealday &#8211; Making dolls from recycled materials at Funda\u00e7\u00e3o LIGA<\/p>\n<\/div>\n<\/div>\n<!-- end frame -->\n<\/div>\n<div class=\"media-slide-count\"><\/div>\n<\/div>\n\n<\/div>\n<\/div>\n<\/div>\n<\/div>\n<!-- end EXPAND -->\n\n\n<!-- EXPAND -->\n<div class=\"s-expand planet js-expand-height\">\n<div class=\"s-expand-container\">\n<a href=\"#\" class=\"s-expand-header js-expand-btn\">\n<img decoding=\"async\" src=\"https:\/\/www.edenred.pt\/wp-content\/uploads\/2024\/03\/idealplanet.png\" alt=\"ideal planet\"\/>\n<h2 class=\"s-expand-header-text\"><strong>Preserving<\/strong> the environment and the planet<\/h2>\n<\/a>\n<div class=\"s-expand-content\">\n<div class=\"s-expand-body\">\n<ul class=\"s-expand-ul\">\n<li>\n<strong>Reducing carbon footprint, resource consumption and waste production<\/strong> &#8211; improving the energy efficiency of operations and solutions. Alignment with the Paris Agreement (commitment to maintaining a 2\u00ba temperature rise). Goal: Carbon 0 &#8211; 2050   <\/li>\n<li>\n<strong>Managing the footprint of solutions<\/strong> throughout their life cycle (reducing consumption of natural resources) <\/li>\n<li> Promoting the <strong>Circular Economy<\/strong> (eco-designed products and services) <\/li>\n<li> Compliance with local and international <strong>environmental rules and regulations<\/strong> <\/li>\n<\/ul>\n<div class=\"s-expand-img-list\">\n<img decoding=\"async\" src=\"https:\/\/edenred.pt\/wp-content\/uploads\/2024\/11\/SDG11.png\" alt=\"\"\/>\n<img decoding=\"async\" src=\"https:\/\/edenred.pt\/wp-content\/uploads\/2024\/08\/SDG12.png\" alt=\"\"\/>\n<img decoding=\"async\" src=\"https:\/\/edenred.pt\/wp-content\/uploads\/2024\/11\/SDG13.png\" alt=\"\"\/>\n<\/div>\n\n<h3 class=\"s-subtit\">Some goals for 2030<\/h3>\n\n<div class=\"s-num-cont\" style=\"max-width: 500px;\">\n<!-- col -->\n<div class=\"s-num-col\">\n<div class=\"s-num-tit\"><div>-52%<\/div><\/div>\n<div class=\"s-num-text\">\n<p>Greenhouse gas (GHG) emissions &#8211; scopes 1 and 2<\/p>\n<\/div>\n<\/div>\n<!-- col -->\n<div class=\"s-num-col\">\n<div class=\"s-num-tit\"><div>70%<\/div><\/div>\n<div class=\"s-num-text\">\n<p>Sustainable\/eco-designed solutions<\/p>\n<\/div>\n<\/div>\n<\/div>\n\n<h3 class=\"s-subtit\">Featured initiatives<\/h3>\n\n<div class=\"s-num-cont\">\n<!-- col -->\n<div class=\"s-num-col\">\n<div class=\"s-num-tit\"><div>GREENER CARDS<\/div><\/div>\n<div class=\"s-num-text\">\n<p>To minimize the environmental impact of its solutions, Edenred produces all its cards with <strong>alternative and more environmentally friendly materials<\/strong>, whether recycled or degradable PVC.<\/p>\n<p>Degradable PVC, which is made up of 57% sea salt, has a special additive that makes it possible for cardboard to degrade up to 10 times faster in a natural environment. The material also has a 75% lower impact on global warming and is 55% less dependent on oil than other plastics. <\/p>\n<p>What&#8217;s more, all the <strong>cards can be recycled again<\/strong>, promoting the circular economy.<\/p>\n<div><a href=\"https:\/\/edenred.pt\/en\/news\/edenred\/the-euroticket-refeicao-card-is-more-eco-friendly\/\"><\/a><a href=\"https:\/\/edenred.pt\/en\/news\/edenred\/the-euroticket-refeicao-card-is-more-eco-friendly\/\">Find out more about Edenred cards<\/a><\/div>\n<\/div>\n<\/div>\n<!-- col -->\n<div class=\"s-num-col\">\n<div class=\"s-num-tit\"><div>PROJETO MERECE<\/div><\/div>\n<div class=\"s-num-text\">\n<p>Edenred Portugal is a member of Projeto Merece, a movement that aims to reduce the environmental impact of electronic cards by treating them in a more ecologically and responsible way.<\/p>\n<p>As part of this project:<\/p>\n<ul>\n<li>Edenred cards can be recycled and given a second life as street furniture;<\/li>\n<li>For every kilo of waste collected, a tree is planted, with maintenance guaranteed for five years. <\/li>\n<\/ul>\n<div><a href=\"https:\/\/edenred.pt\/en\/news\/edenred\/edenred-joins-merece-project-to-recycle-its-cards\/\"><\/a><a href=\"https:\/\/edenred.pt\/en\/news\/edenred\/edenred-joins-merece-project-to-recycle-its-cards\/\">Find out more about Projeto Merece<\/a><\/div>\n<\/div>\n<\/div>\n<\/div>\n\n\n<h3 class=\"s-subtit media-slide-title\">See photos of the initiatives<\/h3>\n\n<!-- slide -->\n<div class=\"media-slide-container\">\n<div class=\"media-slide js-media-slide unloaded\">\n<!-- frame -->\n<div>\n<div class=\"media-slide-img\">\n<img decoding=\"async\" src=\"https:\/\/edenred.pt\/wp-content\/uploads\/2023\/09\/Acao-de-plantacao-de-arvores-no-Parque-Natural-Sintra-Cascais-com-a-Associacao-Plantar-uma-Arvore-760x570.jpg\" alt=\"\"\/>\n<\/div>\n<div class=\"media-slide-txt\">\n<p>Tree-planting action in the Sintra-Cascais Natural Park with Associa\u00e7\u00e3o Plantar uma \u00c1rvore<\/p>\n<\/div>\n<\/div>\n<!-- end frame -->\n<!-- frame -->\n<div>\n<div class=\"media-slide-img\">\n<img decoding=\"async\" src=\"https:\/\/edenred.pt\/wp-content\/uploads\/2023\/09\/Edenred-junta-se-ao-projeto-Merece-para-reciclagem-dos-seus-cartoes-760x456.jpg\" alt=\"\"\/>\n<\/div>\n<div class=\"media-slide-txt\">\n<p>Edenred joins Projeto Merece to recycle its cards<\/p>\n<\/div>\n<\/div>\n<!-- end frame -->\n<!-- frame -->\n<div>\n<div class=\"media-slide-img\">\n<img decoding=\"async\" src=\"https:\/\/edenred.pt\/wp-content\/uploads\/2023\/09\/Idealday-Separacao-de-materiais-para-reciclagem-de-radiografias-na-AMI-760x570.jpg\" alt=\"\"\/>\n<\/div>\n<div class=\"media-slide-txt\">\n<p>Idealday &#8211; Sorting materials for recycling X-rays at AMI<\/p>\n<\/div>\n<\/div>\n<!-- end frame -->\n<!-- frame -->\n<div>\n<div class=\"media-slide-img\">\n<img decoding=\"async\" src=\"https:\/\/edenred.pt\/wp-content\/uploads\/2023\/09\/Os-cartoes-Edenred-sao-mais-ecologicos-produzidos-em-PVC-reciclado-e-tambem-mais-inclusivos-760x456.jpg\" alt=\"\"\/>\n<\/div>\n<div class=\"media-slide-txt\">\n<p>Edenred cards are more environmentally friendly, made from recycled PVC, and also more inclusive<\/p>\n<\/div>\n<\/div>\n<!-- end frame -->\n<\/div>\n<div class=\"media-slide-count\"><\/div>\n<\/div>\n\n<\/div>\n<\/div>\n<\/div>\n<\/div>\n<!-- end EXPAND -->\n\n\n<!-- EXPAND -->\n<div class=\"s-expand progress js-expand-height\">\n<div class=\"s-expand-container\">\n<a href=\"#\" class=\"s-expand-header js-expand-btn\">\n<img decoding=\"async\" src=\"https:\/\/www.edenred.pt\/wp-content\/uploads\/2024\/03\/idealprogress.png\" alt=\"ideal progress\"\/>\n<h2 class=\"s-expand-header-text\">Creating <strong>value<\/strong> with <strong>responsibility<\/strong><\/h2>\n<\/a>\n<div class=\"s-expand-content\">\n<div class=\"s-expand-body\">\n<ul class=\"s-expand-ul\">\n<li>\n<strong>Ethical development of activities and partnerships throughout the value chain<\/strong><br\/><span>Code of ethics, fraud prevention, etc.<\/span>\n<\/li>\n<li> Ensuring <strong>IT security and data protection<\/strong><br\/>Cybersecurity<span>, GDPR standards.<\/span>\n<\/li>\n<li>\n<strong>Digitalization of services<\/strong> in a safe and responsible way<br\/><span>Financial inclusion, promotion of development.<\/span>\n<\/li>\n<li> Promotion of <strong>healthy and sustainable food. Fighting food waste <\/strong>\n<\/li>\n<\/ul>\n<div class=\"s-expand-img-list\">\n<img decoding=\"async\" src=\"https:\/\/edenred.pt\/wp-content\/uploads\/2024\/08\/SDG02.png\" alt=\"\"\/>\n<img decoding=\"async\" src=\"https:\/\/edenred.pt\/wp-content\/uploads\/2024\/08\/SDG03.png\" alt=\"\"\/>\n<img decoding=\"async\" src=\"https:\/\/edenred.pt\/wp-content\/uploads\/2024\/08\/SDG08.png\" alt=\"\"\/>\n<img decoding=\"async\" src=\"https:\/\/edenred.pt\/wp-content\/uploads\/2024\/08\/SDG16.png\" alt=\"\"\/>\n<img decoding=\"async\" src=\"https:\/\/edenred.pt\/wp-content\/uploads\/2024\/11\/SDG17.png\" alt=\"\"\/>\n<\/div>\n\n<h3 class=\"s-subtit\">Some goals for 2030<\/h3>\n\n<div class=\"s-num-cont\">\n<!-- col -->\n<div class=\"s-num-col\">\n<div class=\"s-num-tit\"><div>85%<\/div><\/div>\n<div class=\"s-num-text\">\n<p>Of establishments and users sensitized to nutrition by 2030<\/p>\n<\/div>\n<\/div>\n<!-- col -->\n<div class=\"s-num-col\">\n<div class=\"s-num-tit\"><div>85%<\/div><\/div>\n<div class=\"s-num-text\">\n<p>Workforce certified in quality management<\/p>\n<\/div>\n<\/div>\n<!-- col -->\n<div class=\"s-num-col\">\n<div class=\"s-num-tit\"><div>100%<\/div><\/div>\n<div class=\"s-num-text\">\n<p>Employees recognizing the code of ethics and sensitized to data protection<\/p>\n<\/div>\n<\/div>\n<\/div>\n\n<h3 class=\"s-subtit\">Featured initiatives<\/h3>\n\n<div class=\"s-num-cont\">\n<!-- col -->\n<div class=\"s-num-col\">\n<div class=\"s-num-tit\"><div>FOOD PROGRAM<\/div><\/div>\n<div class=\"s-num-text\">\n<p>Through the FOOD Program, Edenred aims to actively promote healthier and more sustainable eating. With the support of the European Union, it carries out actions to: <\/p>\n<ul>\n<li>To help companies provide better food conditions in the workplace; <\/li>\n<li>Helping employees to make healthy and sustainable food choices during their day-to-day work;<\/li>\n<li>Encouraging restaurants to adopt menus with better nutritional quality.<\/li>\n<\/ul>\n<p>The good practices are designed and promoted in partnership with Dire\u00e7\u00e3o-Geral de Sa\u00fade. <\/p>\n<div><a href=\"https:\/\/www.edenred.pt\/en\/about-us\/sustainability\/food-program\/\"><\/a><a href=\"https:\/\/www.edenred.pt\/en\/about-us\/sustainability\/food-program\/\">Get to know the FOOD Program<\/a><\/div>\n<\/div>\n<\/div>\n<!-- col -->\n<div class=\"s-num-col\">\n<div class=\"s-num-tit\"><div>PARTNERSHIP TOO GOOD TO GO<\/div><\/div>\n<div class=\"s-num-text\">\n<p><strong>Edenred and Too Good To Go have joined forces in the fight against food waste.<\/strong><\/p>\n<p>In Portugal, it is estimated that more than 1 million tons of food are wasted every year, which represents 17% of the country&#8217;s food production.<\/p>\n<p>Through this partnership, the two organizations are promoting a series of initiatives aimed at <strong>raising community awareness<\/strong> and adopting <strong>more responsible habits<\/strong>.<\/p>\n<div><a href=\"https:\/\/edenred.pt\/en\/about-us\/sustainability\/too-good-to-go\/\"><\/a><a href=\"https:\/\/edenred.pt\/en\/about-us\/sustainability\/too-good-to-go\/\">Find out more about the partnership with Too Good To Go<\/a><\/div>\n<\/div>\n<\/div>\n<\/div>\n\n\n<h3 class=\"s-subtit media-slide-title\">See photos of the initiatives<\/h3>\n\n<!-- slide -->\n<div class=\"media-slide-container\">\n<div class=\"media-slide js-media-slide unloaded\">\n<!-- frame -->\n<div>\n<div class=\"media-slide-img\">\n<img decoding=\"async\" src=\"https:\/\/edenred.pt\/wp-content\/uploads\/2023\/09\/Parceria-entre-a-Edenred-e-a-Too-Good-To-Go-para-sensibilizar-consumidores-e-estabelecimentos-1-760x428.jpg\" alt=\"\"\/>\n<\/div>\n<div class=\"media-slide-txt\">\n<p>Partnership between Edenred and Too Good To Go to raise awareness among consumers and establishments<\/p>\n<\/div>\n<\/div>\n<!-- end frame -->\n<!-- frame -->\n<div>\n<div class=\"media-slide-img\">\n<img decoding=\"async\" src=\"https:\/\/edenred.pt\/wp-content\/uploads\/2023\/09\/Programa-FOOD-Promocao-de-uma-alimentacao-saudavel-e-sustentavel-com-o-apoio-da-DGS-4-760x507.jpg\" alt=\"\"\/>\n<\/div>\n<div class=\"media-slide-txt\">\n<p>FOOD Program &#8211; Promoting healthy and sustainable eating with the support of the DGS<\/p>\n<\/div>\n<\/div>\n<!-- end frame -->\n<!-- frame -->\n<div>\n<div class=\"media-slide-img\">\n<img decoding=\"async\" src=\"https:\/\/edenred.pt\/wp-content\/uploads\/2023\/09\/Programa-Paixao-pelos-Clientes-Workshops-sobre-experiencia-do-cliente-1-760x570.jpg\" alt=\"\"\/>\n<\/div>\n<div class=\"media-slide-txt\">\n<p>Passion for Customers Program &#8211; Workshops on customer experience<\/p>\n<\/div>\n<\/div>\n<!-- end frame -->\n\n<\/div>\n<div class=\"media-slide-count\"><\/div>\n<\/div>\n\n<\/div>\n<\/div>\n<\/div>\n<\/div>\n<!-- end EXPAND -->\n\n\n\n<h2 class=\"wp-block-heading\">Measurements and ratings<\/h2>\n\n\n\n<p>As a signatory of the United Nations Global Compact, Edenred integrates the social and environmental dimension into its solutions so that they are aligned with the Sustainable Development Goals (SDG) defined by the United Nations for 2030. Through its Ideal policy it contributes to 12 SDG.  <\/p>\n","protected":false},"excerpt":{"rendered":"A commitment from day one, every day. Since its origins in 1962, the Edenred Group&#8217;s mission has been to make the world of work a better place for everyone. This commitment, expressed unequivocally in the purpose Enrich connections. For Good, was naturally reflected in a voluntary approach to social, environmental and corporate responsibility: the Ideal&#8230;","protected":false},"author":3,"featured_media":108077,"parent":113348,"menu_order":0,"comment_status":"closed","ping_status":"closed","template":"templates\/sobre-nos.php","meta":{"_acf_changed":false,"content-type":"","inline_featured_image":false,"footnotes":""},"class_list":["post-113820","page","type-page","status-publish","has-post-thumbnail","hentry"],"acf":[],"yoast_head":"<!-- This site is optimized with the Yoast SEO plugin v27.3 - https:\/\/yoast.com\/product\/yoast-seo-wordpress\/ -->\n<title>Sustainability - Edenred Portugal<\/title>\n<meta name=\"description\" content=\"Learn about Edenred&#039;s corporate social responsibility policy, as well as our initiatives and programs.\" \/>\n<meta name=\"robots\" content=\"index, follow, max-snippet:-1, max-image-preview:large, max-video-preview:-1\" \/>\n<link rel=\"canonical\" href=\"https:\/\/www.edenred.pt\/en\/about-us\/sustainability\/\" \/>\n<meta property=\"og:locale\" content=\"en_US\" \/>\n<meta property=\"og:type\" content=\"article\" \/>\n<meta property=\"og:title\" content=\"Sustainability - Edenred Portugal\" \/>\n<meta property=\"og:description\" content=\"Learn about Edenred&#039;s corporate social responsibility policy, as well as our initiatives and programs.\" \/>\n<meta property=\"og:url\" content=\"https:\/\/www.edenred.pt\/en\/about-us\/sustainability\/\" \/>\n<meta property=\"og:site_name\" content=\"Edenred Portugal\" \/>\n<meta property=\"article:publisher\" content=\"https:\/\/www.facebook.com\/edenred.portugal\" \/>\n<meta property=\"article:modified_time\" content=\"2026-02-09T15:50:52+00:00\" \/>\n<meta property=\"og:image\" content=\"https:\/\/www.edenred.pt\/wp-content\/uploads\/2022\/05\/CZ6A1228-scaled.jpg\" \/>\n\t<meta property=\"og:image:width\" content=\"2560\" \/>\n\t<meta property=\"og:image:height\" content=\"1707\" \/>\n\t<meta property=\"og:image:type\" content=\"image\/jpeg\" \/>\n<meta name=\"twitter:card\" content=\"summary_large_image\" \/>\n<meta name=\"twitter:label1\" content=\"Est. reading time\" \/>\n\t<meta name=\"twitter:data1\" content=\"12 minutes\" \/>\n<script type=\"application\/ld+json\" class=\"yoast-schema-graph\">{\"@context\":\"https:\\\/\\\/schema.org\",\"@graph\":[{\"@type\":\"WebPage\",\"@id\":\"https:\\\/\\\/www.edenred.pt\\\/en\\\/about-us\\\/sustainability\\\/\",\"url\":\"https:\\\/\\\/www.edenred.pt\\\/en\\\/about-us\\\/sustainability\\\/\",\"name\":\"Sustainability - Edenred Portugal\",\"isPartOf\":{\"@id\":\"https:\\\/\\\/edenred.pt\\\/#website\"},\"primaryImageOfPage\":{\"@id\":\"https:\\\/\\\/www.edenred.pt\\\/en\\\/about-us\\\/sustainability\\\/#primaryimage\"},\"image\":{\"@id\":\"https:\\\/\\\/www.edenred.pt\\\/en\\\/about-us\\\/sustainability\\\/#primaryimage\"},\"thumbnailUrl\":\"https:\\\/\\\/www.edenred.pt\\\/wp-content\\\/uploads\\\/2022\\\/05\\\/CZ6A1228-scaled.jpg\",\"datePublished\":\"2024-08-09T13:40:56+00:00\",\"dateModified\":\"2026-02-09T15:50:52+00:00\",\"description\":\"Learn about Edenred's corporate social responsibility policy, as well as our initiatives and programs.\",\"breadcrumb\":{\"@id\":\"https:\\\/\\\/www.edenred.pt\\\/en\\\/about-us\\\/sustainability\\\/#breadcrumb\"},\"inLanguage\":\"en-US\",\"potentialAction\":[{\"@type\":\"ReadAction\",\"target\":[\"https:\\\/\\\/www.edenred.pt\\\/en\\\/about-us\\\/sustainability\\\/\"]}]},{\"@type\":\"ImageObject\",\"inLanguage\":\"en-US\",\"@id\":\"https:\\\/\\\/www.edenred.pt\\\/en\\\/about-us\\\/sustainability\\\/#primaryimage\",\"url\":\"https:\\\/\\\/www.edenred.pt\\\/wp-content\\\/uploads\\\/2022\\\/05\\\/CZ6A1228-scaled.jpg\",\"contentUrl\":\"https:\\\/\\\/www.edenred.pt\\\/wp-content\\\/uploads\\\/2022\\\/05\\\/CZ6A1228-scaled.jpg\",\"width\":2560,\"height\":1707,\"caption\":\"Responsabilidade Social Edenred\"},{\"@type\":\"BreadcrumbList\",\"@id\":\"https:\\\/\\\/www.edenred.pt\\\/en\\\/about-us\\\/sustainability\\\/#breadcrumb\",\"itemListElement\":[{\"@type\":\"ListItem\",\"position\":1,\"name\":\"Start\",\"item\":\"https:\\\/\\\/www.edenred.pt\\\/en\\\/\"},{\"@type\":\"ListItem\",\"position\":2,\"name\":\"About us\",\"item\":\"https:\\\/\\\/www.edenred.pt\\\/en\\\/about-us\\\/\"},{\"@type\":\"ListItem\",\"position\":3,\"name\":\"Sustainability\"}]},{\"@type\":\"WebSite\",\"@id\":\"https:\\\/\\\/edenred.pt\\\/#website\",\"url\":\"https:\\\/\\\/edenred.pt\\\/\",\"name\":\"Edenred Portugal\",\"description\":\"Edenred Portugal\",\"publisher\":{\"@id\":\"https:\\\/\\\/edenred.pt\\\/#organization\"},\"potentialAction\":[{\"@type\":\"SearchAction\",\"target\":{\"@type\":\"EntryPoint\",\"urlTemplate\":\"https:\\\/\\\/edenred.pt\\\/?s={search_term_string}\"},\"query-input\":{\"@type\":\"PropertyValueSpecification\",\"valueRequired\":true,\"valueName\":\"search_term_string\"}}],\"inLanguage\":\"en-US\"},{\"@type\":\"Organization\",\"@id\":\"https:\\\/\\\/edenred.pt\\\/#organization\",\"name\":\"Edenred\",\"url\":\"https:\\\/\\\/edenred.pt\\\/\",\"logo\":{\"@type\":\"ImageObject\",\"inLanguage\":\"en-US\",\"@id\":\"https:\\\/\\\/edenred.pt\\\/#\\\/schema\\\/logo\\\/image\\\/\",\"url\":\"https:\\\/\\\/www.edenred.pt\\\/wp-content\\\/uploads\\\/2022\\\/04\\\/logo-edenred.png\",\"contentUrl\":\"https:\\\/\\\/www.edenred.pt\\\/wp-content\\\/uploads\\\/2022\\\/04\\\/logo-edenred.png\",\"width\":176,\"height\":109,\"caption\":\"Edenred\"},\"image\":{\"@id\":\"https:\\\/\\\/edenred.pt\\\/#\\\/schema\\\/logo\\\/image\\\/\"},\"sameAs\":[\"https:\\\/\\\/www.facebook.com\\\/edenred.portugal\",\"https:\\\/\\\/www.instagram.com\\\/edenred.portugal\\\/\",\"https:\\\/\\\/www.linkedin.com\\\/company\\\/edenred-portugal\\\/\"]}]}<\/script>\n<!-- \/ Yoast SEO plugin. -->","yoast_head_json":{"title":"Sustainability - Edenred Portugal","description":"Learn about Edenred's corporate social responsibility policy, as well as our initiatives and programs.","robots":{"index":"index","follow":"follow","max-snippet":"max-snippet:-1","max-image-preview":"max-image-preview:large","max-video-preview":"max-video-preview:-1"},"canonical":"https:\/\/www.edenred.pt\/en\/about-us\/sustainability\/","og_locale":"en_US","og_type":"article","og_title":"Sustainability - Edenred Portugal","og_description":"Learn about Edenred's corporate social responsibility policy, as well as our initiatives and programs.","og_url":"https:\/\/www.edenred.pt\/en\/about-us\/sustainability\/","og_site_name":"Edenred Portugal","article_publisher":"https:\/\/www.facebook.com\/edenred.portugal","article_modified_time":"2026-02-09T15:50:52+00:00","og_image":[{"width":2560,"height":1707,"url":"https:\/\/www.edenred.pt\/wp-content\/uploads\/2022\/05\/CZ6A1228-scaled.jpg","type":"image\/jpeg"}],"twitter_card":"summary_large_image","twitter_misc":{"Est. reading time":"12 minutes"},"schema":{"@context":"https:\/\/schema.org","@graph":[{"@type":"WebPage","@id":"https:\/\/www.edenred.pt\/en\/about-us\/sustainability\/","url":"https:\/\/www.edenred.pt\/en\/about-us\/sustainability\/","name":"Sustainability - Edenred Portugal","isPartOf":{"@id":"https:\/\/edenred.pt\/#website"},"primaryImageOfPage":{"@id":"https:\/\/www.edenred.pt\/en\/about-us\/sustainability\/#primaryimage"},"image":{"@id":"https:\/\/www.edenred.pt\/en\/about-us\/sustainability\/#primaryimage"},"thumbnailUrl":"https:\/\/www.edenred.pt\/wp-content\/uploads\/2022\/05\/CZ6A1228-scaled.jpg","datePublished":"2024-08-09T13:40:56+00:00","dateModified":"2026-02-09T15:50:52+00:00","description":"Learn about Edenred's corporate social responsibility policy, as well as our initiatives and programs.","breadcrumb":{"@id":"https:\/\/www.edenred.pt\/en\/about-us\/sustainability\/#breadcrumb"},"inLanguage":"en-US","potentialAction":[{"@type":"ReadAction","target":["https:\/\/www.edenred.pt\/en\/about-us\/sustainability\/"]}]},{"@type":"ImageObject","inLanguage":"en-US","@id":"https:\/\/www.edenred.pt\/en\/about-us\/sustainability\/#primaryimage","url":"https:\/\/www.edenred.pt\/wp-content\/uploads\/2022\/05\/CZ6A1228-scaled.jpg","contentUrl":"https:\/\/www.edenred.pt\/wp-content\/uploads\/2022\/05\/CZ6A1228-scaled.jpg","width":2560,"height":1707,"caption":"Responsabilidade Social Edenred"},{"@type":"BreadcrumbList","@id":"https:\/\/www.edenred.pt\/en\/about-us\/sustainability\/#breadcrumb","itemListElement":[{"@type":"ListItem","position":1,"name":"Start","item":"https:\/\/www.edenred.pt\/en\/"},{"@type":"ListItem","position":2,"name":"About us","item":"https:\/\/www.edenred.pt\/en\/about-us\/"},{"@type":"ListItem","position":3,"name":"Sustainability"}]},{"@type":"WebSite","@id":"https:\/\/edenred.pt\/#website","url":"https:\/\/edenred.pt\/","name":"Edenred Portugal","description":"Edenred Portugal","publisher":{"@id":"https:\/\/edenred.pt\/#organization"},"potentialAction":[{"@type":"SearchAction","target":{"@type":"EntryPoint","urlTemplate":"https:\/\/edenred.pt\/?s={search_term_string}"},"query-input":{"@type":"PropertyValueSpecification","valueRequired":true,"valueName":"search_term_string"}}],"inLanguage":"en-US"},{"@type":"Organization","@id":"https:\/\/edenred.pt\/#organization","name":"Edenred","url":"https:\/\/edenred.pt\/","logo":{"@type":"ImageObject","inLanguage":"en-US","@id":"https:\/\/edenred.pt\/#\/schema\/logo\/image\/","url":"https:\/\/www.edenred.pt\/wp-content\/uploads\/2022\/04\/logo-edenred.png","contentUrl":"https:\/\/www.edenred.pt\/wp-content\/uploads\/2022\/04\/logo-edenred.png","width":176,"height":109,"caption":"Edenred"},"image":{"@id":"https:\/\/edenred.pt\/#\/schema\/logo\/image\/"},"sameAs":["https:\/\/www.facebook.com\/edenred.portugal","https:\/\/www.instagram.com\/edenred.portugal\/","https:\/\/www.linkedin.com\/company\/edenred-portugal\/"]}]}},"_links":{"self":[{"href":"https:\/\/www.edenred.pt\/en\/wp-json\/wp\/v2\/pages\/113820","targetHints":{"allow":["GET"]}}],"collection":[{"href":"https:\/\/www.edenred.pt\/en\/wp-json\/wp\/v2\/pages"}],"about":[{"href":"https:\/\/www.edenred.pt\/en\/wp-json\/wp\/v2\/types\/page"}],"author":[{"embeddable":true,"href":"https:\/\/www.edenred.pt\/en\/wp-json\/wp\/v2\/users\/3"}],"replies":[{"embeddable":true,"href":"https:\/\/www.edenred.pt\/en\/wp-json\/wp\/v2\/comments?post=113820"}],"version-history":[{"count":11,"href":"https:\/\/www.edenred.pt\/en\/wp-json\/wp\/v2\/pages\/113820\/revisions"}],"predecessor-version":[{"id":140372,"href":"https:\/\/www.edenred.pt\/en\/wp-json\/wp\/v2\/pages\/113820\/revisions\/140372"}],"up":[{"embeddable":true,"href":"https:\/\/www.edenred.pt\/en\/wp-json\/wp\/v2\/pages\/113348"}],"wp:featuredmedia":[{"embeddable":true,"href":"https:\/\/www.edenred.pt\/en\/wp-json\/wp\/v2\/media\/108077"}],"wp:attachment":[{"href":"https:\/\/www.edenred.pt\/en\/wp-json\/wp\/v2\/media?parent=113820"}],"curies":[{"name":"wp","href":"https:\/\/api.w.org\/{rel}","templated":true}]}}